{"id":5980,"date":"2022-12-29T16:31:32","date_gmt":"2022-12-29T16:31:32","guid":{"rendered":"https:\/\/hcrb.de\/?post_type=ajde_events&#038;p=5980"},"modified":"2023-01-17T16:59:09","modified_gmt":"2023-01-17T16:59:09","slug":"hcrb-gv-2022-1900","status":"publish","type":"ajde_events","link":"https:\/\/hcrb.de\/index.php\/events\/hcrb-gv-2022-1900\/","title":{"rendered":"HCRB GV 2022 ; 19:00"},"content":{"rendered":"\n\n\n<p><strong>Mitgliederversammlung 2023 (GV) am Freitag den 10.02. um 19:00\u00a0<\/strong><\/p>\n\n\n\n<p>Die diesj\u00e4hrige GV f\u00fcr das abgelaufene Kalenderjahr 2022 findet im Restaurant Elfida in Auggen (direkt am Kreisel der B3) um 19:00 statt.<\/p>\n\n\n\n<p>Um entsprechend Speisen vorbereiten zu k\u00f6nnen, muss das Essen bestm\u00f6glichst vorreserviert werden. F\u00fcr das Restaurant ist dies extrem wichtig, da parallel der normale G\u00e4stebetrieb ebenfalls stattfindet. Zudem kann so die ungef\u00e4hre Teilnehmerzahl ermittelt und somit f\u00fcr uns auch entsprechend bestuhlt werden. Daher meine Bitte an Euch, tragt Euch unter diesem Link mit dem Nachnamen ein und gebt die Essens-Nr. mit dazu. <a href=\"https:\/\/nuudel.digitalcourage.de\/y2zoh7BUcR3AasHQ\">https:\/\/nuudel.digitalcourage.de\/y2zoh7BUcR3AasHQ<\/a><\/p>\n\n\n\n<p>Die Speisekarte findet Ihr hier: <a href=\"https:\/\/www.elfida-auggen.de\/unsere-karte\">Unsere Karte | Elfida Auggen (elfida-auggen.de)<\/a><\/p>\n\n\n\n<p><strong>Die vorl\u00e4ufige Tagesordnung lautet:<\/strong><\/p>\n\n\n\n<p>1.)&nbsp;&nbsp; Begr\u00fc\u00dfung und Er\u00f6ffnung der Hauptversammlung<\/p>\n\n\n\n<p>2.)&nbsp;&nbsp; Jahresr\u00fcckblick 2022 + sportliche Leistungen + Windkrafterkenntnisse 2022<\/p>\n\n\n\n<p>3.)&nbsp;&nbsp; Kassenbericht 2022<\/p>\n\n\n\n<p>4.)&nbsp;&nbsp; Entlastungen<\/p>\n\n\n\n<p>5.)&nbsp;&nbsp; Wahlen erw. Vorstandes \/ unterst\u00fctzende Personen<\/p>\n\n\n\n<p>6.)&nbsp;&nbsp; Neumitgliedervorstellung<\/p>\n\n\n\n<p>7.)&nbsp;&nbsp; Antr\u00e4ge \/ Sonstiges<\/p>\n\n\n\n<p>8.) Termine + Ausblick f\u00fcr das Jahr 2023<\/p>\n\n\n\n<p>Erg\u00e4nzendes:<\/p>\n\n\n\n<p>F\u00fcr den erweiterten Vorstand ben\u00f6tigen wir dringend personelle Unterst\u00fctzung zur Betreuung unsere beiden Wetterstationen. Pascal wird das Amt \u201eWetterwart\u201c abgeben und hierf\u00fcr wird ein geeigneter Nachfolger dringend ben\u00f6tigt. Optimale Vorrausetzungen w\u00e4ren:<\/p>\n\n\n\n<ul class=\"wp-block-list\">\n<li>Motiviert und technisch versiert,<\/li>\n\n\n\n<li>schwindelfrei<\/li>\n\n\n\n<li>elektr. und IT-technische Kenntnisse von Vorteil.<\/li>\n<\/ul>\n\n\n\n<p>Wer sich das Amt vorstellen kann, bitte bei jeder beliebigen Vertrauensperson des Vorstandes melden! Es w\u00e4re sch\u00f6n alle Neumitglieder an der GV begr\u00fc\u00dfen zu k\u00f6nnen, damit Ihr Euch dem Verein kurz vorstellen k\u00f6nnt.<\/p>\n\n\n\n<p>Der Vorstand hofft Auch alle an der GV begr\u00fc\u00dfen zu k\u00f6nnen.<br>\u00a0 <\/p>\n","protected":false},"author":7,"featured_media":0,"menu_order":0,"comment_status":"open","ping_status":"closed","template":"","meta":{"site-sidebar-layout":"default","site-content-layout":"","ast-site-content-layout":"default","site-content-style":"default","site-sidebar-style":"default","ast-global-header-display":"","ast-banner-title-visibility":"","ast-main-header-display":"","ast-hfb-above-header-display":"","ast-hfb-below-header-display":"","ast-hfb-mobile-header-display":"","site-post-title":"","ast-breadcrumbs-content":"","ast-featured-img":"","footer-sml-layout":"","ast-disable-related-posts":"","theme-transparent-header-meta":"","adv-header-id-meta":"","stick-header-meta":"","header-above-stick-meta":"","header-main-stick-meta":"","header-below-stick-meta":"","astra-migrate-meta-layouts":"default","ast-page-background-enabled":"default","ast-page-background-meta":{"desktop":{"background-color":"","background-image":"","background-repeat":"repeat","background-position":"center center","background-size":"auto","background-attachment":"scroll","background-type":"","background-media":"","overlay-type":"","overlay-color":"","overlay-opacity":"","overlay-gradient":""},"tablet":{"background-color":"","background-image":"","background-repeat":"repeat","background-position":"center center","background-size":"auto","background-attachment":"scroll","background-type":"","background-media":"","overlay-type":"","overlay-color":"","overlay-opacity":"","overlay-gradient":""},"mobile":{"background-color":"","background-image":"","background-repeat":"repeat","background-position":"center center","background-size":"auto","background-attachment":"scroll","background-type":"","background-media":"","overlay-type":"","overlay-color":"","overlay-opacity":"","overlay-gradient":""}},"ast-content-background-meta":{"desktop":{"background-color":"var(--ast-global-color-5)","background-image":"","background-repeat":"repeat","background-position":"center center","background-size":"auto","background-attachment":"scroll","background-type":"","background-media":"","overlay-type":"","overlay-color":"","overlay-opacity":"","overlay-gradient":""},"tablet":{"background-color":"var(--ast-global-color-5)","background-image":"","background-repeat":"repeat","background-position":"center center","background-size":"auto","background-attachment":"scroll","background-type":"","background-media":"","overlay-type":"","overlay-color":"","overlay-opacity":"","overlay-gradient":""},"mobile":{"background-color":"var(--ast-global-color-5)","background-image":"","background-repeat":"repeat","background-position":"center center","background-size":"auto","background-attachment":"scroll","background-type":"","background-media":"","overlay-type":"","overlay-color":"","overlay-opacity":"","overlay-gradient":""}}},"tags":[],"event_type":[],"event_type_2":[],"class_list":["post-5980","ajde_events","type-ajde_events","status-publish","hentry"],"yoast_head":"<!-- This site is optimized with the Yoast SEO plugin v27.5 - https:\/\/yoast.com\/product\/yoast-seo-wordpress\/ -->\n<title>HCRB GV 2022 ; 19:00 - H\u00e4ngegleiter-Club Regio Blauen<\/title>\n<meta name=\"robots\" content=\"index, follow, max-snippet:-1, max-image-preview:large, max-video-preview:-1\" \/>\n<link rel=\"canonical\" href=\"https:\/\/hcrb.de\/index.php\/events\/hcrb-gv-2022-1900\/\" \/>\n<meta property=\"og:locale\" content=\"de_DE\" \/>\n<meta property=\"og:type\" content=\"article\" \/>\n<meta property=\"og:title\" content=\"HCRB GV 2022 ; 19:00 - H\u00e4ngegleiter-Club Regio Blauen\" \/>\n<meta property=\"og:description\" content=\"Mitgliederversammlung 2023 (GV) am Freitag den 10.02. um 19:00\u00a0 Die diesj\u00e4hrige GV f\u00fcr das abgelaufene Kalenderjahr 2022 findet im Restaurant Elfida in Auggen (direkt am Kreisel der B3) um 19:00 statt. Um entsprechend Speisen vorbereiten zu k\u00f6nnen, muss das Essen bestm\u00f6glichst vorreserviert werden. F\u00fcr das Restaurant ist dies extrem wichtig, da parallel der normale G\u00e4stebetrieb [&hellip;]\" \/>\n<meta property=\"og:url\" content=\"https:\/\/hcrb.de\/index.php\/events\/hcrb-gv-2022-1900\/\" \/>\n<meta property=\"og:site_name\" content=\"H\u00e4ngegleiter-Club Regio Blauen\" \/>\n<meta property=\"article:modified_time\" content=\"2023-01-17T16:59:09+00:00\" \/>\n<meta name=\"twitter:card\" content=\"summary_large_image\" \/>\n<meta name=\"twitter:label1\" content=\"Gesch\u00e4tzte Lesezeit\" \/>\n\t<meta name=\"twitter:data1\" content=\"2\u00a0Minuten\" \/>\n<script type=\"application\/ld+json\" class=\"yoast-schema-graph\">{\"@context\":\"https:\\\/\\\/schema.org\",\"@graph\":[{\"@type\":\"WebPage\",\"@id\":\"https:\\\/\\\/hcrb.de\\\/index.php\\\/events\\\/hcrb-gv-2022-1900\\\/\",\"url\":\"https:\\\/\\\/hcrb.de\\\/index.php\\\/events\\\/hcrb-gv-2022-1900\\\/\",\"name\":\"HCRB GV 2022 ; 19:00 - H\u00e4ngegleiter-Club Regio Blauen\",\"isPartOf\":{\"@id\":\"https:\\\/\\\/hcrb.de\\\/#website\"},\"datePublished\":\"2022-12-29T16:31:32+00:00\",\"dateModified\":\"2023-01-17T16:59:09+00:00\",\"breadcrumb\":{\"@id\":\"https:\\\/\\\/hcrb.de\\\/index.php\\\/events\\\/hcrb-gv-2022-1900\\\/#breadcrumb\"},\"inLanguage\":\"de\",\"potentialAction\":[{\"@type\":\"ReadAction\",\"target\":[\"https:\\\/\\\/hcrb.de\\\/index.php\\\/events\\\/hcrb-gv-2022-1900\\\/\"]}]},{\"@type\":\"BreadcrumbList\",\"@id\":\"https:\\\/\\\/hcrb.de\\\/index.php\\\/events\\\/hcrb-gv-2022-1900\\\/#breadcrumb\",\"itemListElement\":[{\"@type\":\"ListItem\",\"position\":1,\"name\":\"Startseite\",\"item\":\"https:\\\/\\\/hcrb.de\\\/\"},{\"@type\":\"ListItem\",\"position\":2,\"name\":\"Events\",\"item\":\"https:\\\/\\\/hcrb.de\\\/index.php\\\/events\\\/\"},{\"@type\":\"ListItem\",\"position\":3,\"name\":\"HCRB GV 2022 ; 19:00\"}]},{\"@type\":\"WebSite\",\"@id\":\"https:\\\/\\\/hcrb.de\\\/#website\",\"url\":\"https:\\\/\\\/hcrb.de\\\/\",\"name\":\"H\u00e4ngegleiter-Club Regio Blauen\",\"description\":\"Gleitschirm- und Drachenfliegen im S\u00fcdschwarzwald\",\"publisher\":{\"@id\":\"https:\\\/\\\/hcrb.de\\\/#organization\"},\"potentialAction\":[{\"@type\":\"SearchAction\",\"target\":{\"@type\":\"EntryPoint\",\"urlTemplate\":\"https:\\\/\\\/hcrb.de\\\/?s={search_term_string}\"},\"query-input\":{\"@type\":\"PropertyValueSpecification\",\"valueRequired\":true,\"valueName\":\"search_term_string\"}}],\"inLanguage\":\"de\"},{\"@type\":\"Organization\",\"@id\":\"https:\\\/\\\/hcrb.de\\\/#organization\",\"name\":\"HCRB e. V.\",\"url\":\"https:\\\/\\\/hcrb.de\\\/\",\"logo\":{\"@type\":\"ImageObject\",\"inLanguage\":\"de\",\"@id\":\"https:\\\/\\\/hcrb.de\\\/#\\\/schema\\\/logo\\\/image\\\/\",\"url\":\"https:\\\/\\\/hcrb.de\\\/wp-content\\\/uploads\\\/2020\\\/11\\\/cropped-Logo_Verein.webp\",\"contentUrl\":\"https:\\\/\\\/hcrb.de\\\/wp-content\\\/uploads\\\/2020\\\/11\\\/cropped-Logo_Verein.webp\",\"width\":625,\"height\":168,\"caption\":\"HCRB e. V.\"},\"image\":{\"@id\":\"https:\\\/\\\/hcrb.de\\\/#\\\/schema\\\/logo\\\/image\\\/\"}}]}<\/script>\n<!-- \/ Yoast SEO plugin. -->","yoast_head_json":{"title":"HCRB GV 2022 ; 19:00 - H\u00e4ngegleiter-Club Regio Blauen","robots":{"index":"index","follow":"follow","max-snippet":"max-snippet:-1","max-image-preview":"max-image-preview:large","max-video-preview":"max-video-preview:-1"},"canonical":"https:\/\/hcrb.de\/index.php\/events\/hcrb-gv-2022-1900\/","og_locale":"de_DE","og_type":"article","og_title":"HCRB GV 2022 ; 19:00 - H\u00e4ngegleiter-Club Regio Blauen","og_description":"Mitgliederversammlung 2023 (GV) am Freitag den 10.02. um 19:00\u00a0 Die diesj\u00e4hrige GV f\u00fcr das abgelaufene Kalenderjahr 2022 findet im Restaurant Elfida in Auggen (direkt am Kreisel der B3) um 19:00 statt. Um entsprechend Speisen vorbereiten zu k\u00f6nnen, muss das Essen bestm\u00f6glichst vorreserviert werden. F\u00fcr das Restaurant ist dies extrem wichtig, da parallel der normale G\u00e4stebetrieb [&hellip;]","og_url":"https:\/\/hcrb.de\/index.php\/events\/hcrb-gv-2022-1900\/","og_site_name":"H\u00e4ngegleiter-Club Regio Blauen","article_modified_time":"2023-01-17T16:59:09+00:00","twitter_card":"summary_large_image","twitter_misc":{"Gesch\u00e4tzte Lesezeit":"2\u00a0Minuten"},"schema":{"@context":"https:\/\/schema.org","@graph":[{"@type":"WebPage","@id":"https:\/\/hcrb.de\/index.php\/events\/hcrb-gv-2022-1900\/","url":"https:\/\/hcrb.de\/index.php\/events\/hcrb-gv-2022-1900\/","name":"HCRB GV 2022 ; 19:00 - H\u00e4ngegleiter-Club Regio Blauen","isPartOf":{"@id":"https:\/\/hcrb.de\/#website"},"datePublished":"2022-12-29T16:31:32+00:00","dateModified":"2023-01-17T16:59:09+00:00","breadcrumb":{"@id":"https:\/\/hcrb.de\/index.php\/events\/hcrb-gv-2022-1900\/#breadcrumb"},"inLanguage":"de","potentialAction":[{"@type":"ReadAction","target":["https:\/\/hcrb.de\/index.php\/events\/hcrb-gv-2022-1900\/"]}]},{"@type":"BreadcrumbList","@id":"https:\/\/hcrb.de\/index.php\/events\/hcrb-gv-2022-1900\/#breadcrumb","itemListElement":[{"@type":"ListItem","position":1,"name":"Startseite","item":"https:\/\/hcrb.de\/"},{"@type":"ListItem","position":2,"name":"Events","item":"https:\/\/hcrb.de\/index.php\/events\/"},{"@type":"ListItem","position":3,"name":"HCRB GV 2022 ; 19:00"}]},{"@type":"WebSite","@id":"https:\/\/hcrb.de\/#website","url":"https:\/\/hcrb.de\/","name":"H\u00e4ngegleiter-Club Regio Blauen","description":"Gleitschirm- und Drachenfliegen im S\u00fcdschwarzwald","publisher":{"@id":"https:\/\/hcrb.de\/#organization"},"potentialAction":[{"@type":"SearchAction","target":{"@type":"EntryPoint","urlTemplate":"https:\/\/hcrb.de\/?s={search_term_string}"},"query-input":{"@type":"PropertyValueSpecification","valueRequired":true,"valueName":"search_term_string"}}],"inLanguage":"de"},{"@type":"Organization","@id":"https:\/\/hcrb.de\/#organization","name":"HCRB e. V.","url":"https:\/\/hcrb.de\/","logo":{"@type":"ImageObject","inLanguage":"de","@id":"https:\/\/hcrb.de\/#\/schema\/logo\/image\/","url":"https:\/\/hcrb.de\/wp-content\/uploads\/2020\/11\/cropped-Logo_Verein.webp","contentUrl":"https:\/\/hcrb.de\/wp-content\/uploads\/2020\/11\/cropped-Logo_Verein.webp","width":625,"height":168,"caption":"HCRB e. V."},"image":{"@id":"https:\/\/hcrb.de\/#\/schema\/logo\/image\/"}}]}},"_links":{"self":[{"href":"https:\/\/hcrb.de\/index.php\/wp-json\/wp\/v2\/ajde_events\/5980","targetHints":{"allow":["GET"]}}],"collection":[{"href":"https:\/\/hcrb.de\/index.php\/wp-json\/wp\/v2\/ajde_events"}],"about":[{"href":"https:\/\/hcrb.de\/index.php\/wp-json\/wp\/v2\/types\/ajde_events"}],"author":[{"embeddable":true,"href":"https:\/\/hcrb.de\/index.php\/wp-json\/wp\/v2\/users\/7"}],"replies":[{"embeddable":true,"href":"https:\/\/hcrb.de\/index.php\/wp-json\/wp\/v2\/comments?post=5980"}],"wp:attachment":[{"href":"https:\/\/hcrb.de\/index.php\/wp-json\/wp\/v2\/media?parent=5980"}],"wp:term":[{"taxonomy":"post_tag","embeddable":true,"href":"https:\/\/hcrb.de\/index.php\/wp-json\/wp\/v2\/tags?post=5980"},{"taxonomy":"event_type","embeddable":true,"href":"https:\/\/hcrb.de\/index.php\/wp-json\/wp\/v2\/event_type?post=5980"},{"taxonomy":"event_type_2","embeddable":true,"href":"https:\/\/hcrb.de\/index.php\/wp-json\/wp\/v2\/event_type_2?post=5980"}],"curies":[{"name":"wp","href":"https:\/\/api.w.org\/{rel}","templated":true}]}}